{"id":3840,"date":"2024-02-19T12:09:29","date_gmt":"2024-02-19T12:09:29","guid":{"rendered":"https:\/\/consortium.ascentia.top\/?post_type=product&#038;p=3840"},"modified":"2025-05-07T13:59:06","modified_gmt":"2025-05-07T13:59:06","slug":"maska-zastitna-ffp1","status":"publish","type":"product","link":"http:\/\/consortium.ascentia.top\/sl\/trgovina\/zastitna-oprema\/zastita-glave\/maska-zastitna-ffp1\/","title":{"rendered":"Za\u0161\u010ditna maska FFP1"},"content":{"rendered":"<p>Enkratna polmaska FFP1 iz polipropilena SMS.<br \/>\nNotranja plast: poliester, aluminijasta \u017eica, polietilensko ohi\u0161je za nos.<br \/>\nPrilagajanje: sinteti\u010dna latex guma.<br \/>\nNegorljiva, testirana proti alergijam.<\/p>\n<p>FFP1<br \/>\nZa\u0161\u010dita zra\u010dnih poti pred netoksi\u010dnim prahom, kot so kalcijev karbonat, naravni in sinteti\u010dni grafit, mavec, kreda, cement, marmor, cinkov oksid, cvetni prah, celuloza, \u017eveplo, bomba\u017e, obloge iz barvnih kovin. Maske \u0161\u010ditijo tudi pred premogovim prahom s koncentracijo prostega silicijevega dioksida manj\u0161o od 10 %.\nLahko se uporablja v industrijah, kot so: kmetijska, \u017eivilska, lesna (obdelava mehkega lesa, zlasti iglavcev), steklarska in kerami\u010dna.<\/p>","protected":false},"excerpt":{"rendered":"<p>Jednokratna polu-maska FFP1 od polipropilena SMS. Unutarnji sloj: poliester, aluminijska \u017eica, polietilensko ku\u0107i\u0161te za nos. Pritezanje: sinteti\u010dka latex guma Nezapaljiv, testiran protiv alergije FFP1 Za\u0161tita zra\u010dnih prolaza prije netoksi\u010dne pra\u0161ine poput kalcijevog karbonata, prirodnog i sinteti\u010dkog grafi ta, gipsa, krede, cementa, mramora, cinkovog oksida, polena, celuloze, sumpora, pamuka, obloga od obojenih metala. Maske \u0161tite i [&hellip;]<\/p>","protected":false},"featured_media":3841,"template":"","meta":[],"product_brand":[],"product_cat":[252,251],"product_tag":[],"class_list":{"0":"post-3840","1":"product","2":"type-product","3":"status-publish","4":"has-post-thumbnail","6":"product_cat-zastita-glave","7":"product_cat-zastitna-oprema","9":"first","10":"instock","11":"shipping-taxable","12":"purchasable","13":"product-type-simple"},"acf":[],"_links":{"self":[{"href":"http:\/\/consortium.ascentia.top\/sl\/wp-json\/wp\/v2\/product\/3840","targetHints":{"allow":["GET"]}}],"collection":[{"href":"http:\/\/consortium.ascentia.top\/sl\/wp-json\/wp\/v2\/product"}],"about":[{"href":"http:\/\/consortium.ascentia.top\/sl\/wp-json\/wp\/v2\/types\/product"}],"wp:featuredmedia":[{"embeddable":true,"href":"http:\/\/consortium.ascentia.top\/sl\/wp-json\/wp\/v2\/media\/3841"}],"wp:attachment":[{"href":"http:\/\/consortium.ascentia.top\/sl\/wp-json\/wp\/v2\/media?parent=3840"}],"wp:term":[{"taxonomy":"product_brand","embeddable":true,"href":"http:\/\/consortium.ascentia.top\/sl\/wp-json\/wp\/v2\/product_brand?post=3840"},{"taxonomy":"product_cat","embeddable":true,"href":"http:\/\/consortium.ascentia.top\/sl\/wp-json\/wp\/v2\/product_cat?post=3840"},{"taxonomy":"product_tag","embeddable":true,"href":"http:\/\/consortium.ascentia.top\/sl\/wp-json\/wp\/v2\/product_tag?post=3840"}],"curies":[{"name":"wp","href":"https:\/\/api.w.org\/{rel}","templated":true}]}}