{"id":3838,"date":"2024-02-19T12:08:20","date_gmt":"2024-02-19T12:08:20","guid":{"rendered":"https:\/\/consortium.ascentia.top\/?post_type=product&#038;p=3838"},"modified":"2025-05-07T13:57:35","modified_gmt":"2025-05-07T13:57:35","slug":"3m-filter-za-organske-pare-2-1","status":"publish","type":"product","link":"http:\/\/consortium.ascentia.top\/sl\/trgovina\/zastitna-oprema\/zastita-glave\/3m-filter-za-organske-pare-2-1\/","title":{"rendered":"3M filter za organske hlape (2\/1)"},"content":{"rendered":"<p>3M filter 6051 za za\u0161\u010dito pred plini in hlapi, primeren za uporabo z ve\u010dkratnimi respiratorji. Ta filter za ve\u010dkratni respirator ima nivo za\u0161\u010dite A1 in \u0161\u010diti pred organskimi plini in hlapi z vreli\u0161\u010dem &gt;65\u00b0C.<\/p>\n<p>Zahvaljujo\u010d skrbno zasnovani obliki in sodobni tehnologiji, uporabljeni pri 3M proizvodnji, filter zagotavlja odli\u010dno porazdelitev te\u017ee na obrazu ter tako omogo\u010da maksimalno udobje. Nudi majhen upor pri dihanju, trapezoidna oblika pa pomaga pri ohranjanju \u0161irokega vidnega polja. S tem 3M filtrom za hlape in pline lahko varno opravljate svoje naloge z maksimalnim udobjem in minimalnimi omejitvami gibanja.<\/p>\n<p>Lahko se uporablja z vsemi kombinacijami 3M polmask in mask za celoten obraz, z ali brez filtrov za delce. Filtri za plin in hlape \u0161\u010ditijo samo pred plini in hlapi, po potrebi pa se lahko kombinirajo z dolo\u010denimi filtri za delce.<\/p>","protected":false},"excerpt":{"rendered":"<p>3M filter 6051 za za\u0161titu od plinova i pare, prikladan za upotrebu s vi\u0161ekratnim respiratorima. Ovaj filter za vi\u0161estruki respirator ima nivo za\u0161tite\u00a0A1, te \u0161titi od organski plinova i pare vreli\u0161ta\u00a0&gt;65\u00b0C. Zahvaljuju\u0107i pomno osmi\u0161ljenom dizajnu i suvremenoj tehnologiji kori\u0161tenoj u 3M proizvodnji, filter pru\u017ea izvrsnu raspodjelu te\u017eine na licu te tako osigurava maksimalnu udobnost. Pru\u017ea [&hellip;]<\/p>","protected":false},"featured_media":3839,"template":"","meta":[],"product_brand":[],"product_cat":[252,251],"product_tag":[],"class_list":{"0":"post-3838","1":"product","2":"type-product","3":"status-publish","4":"has-post-thumbnail","6":"product_cat-zastita-glave","7":"product_cat-zastitna-oprema","9":"first","10":"instock","11":"shipping-taxable","12":"purchasable","13":"product-type-simple"},"acf":[],"_links":{"self":[{"href":"http:\/\/consortium.ascentia.top\/sl\/wp-json\/wp\/v2\/product\/3838","targetHints":{"allow":["GET"]}}],"collection":[{"href":"http:\/\/consortium.ascentia.top\/sl\/wp-json\/wp\/v2\/product"}],"about":[{"href":"http:\/\/consortium.ascentia.top\/sl\/wp-json\/wp\/v2\/types\/product"}],"wp:featuredmedia":[{"embeddable":true,"href":"http:\/\/consortium.ascentia.top\/sl\/wp-json\/wp\/v2\/media\/3839"}],"wp:attachment":[{"href":"http:\/\/consortium.ascentia.top\/sl\/wp-json\/wp\/v2\/media?parent=3838"}],"wp:term":[{"taxonomy":"product_brand","embeddable":true,"href":"http:\/\/consortium.ascentia.top\/sl\/wp-json\/wp\/v2\/product_brand?post=3838"},{"taxonomy":"product_cat","embeddable":true,"href":"http:\/\/consortium.ascentia.top\/sl\/wp-json\/wp\/v2\/product_cat?post=3838"},{"taxonomy":"product_tag","embeddable":true,"href":"http:\/\/consortium.ascentia.top\/sl\/wp-json\/wp\/v2\/product_tag?post=3838"}],"curies":[{"name":"wp","href":"https:\/\/api.w.org\/{rel}","templated":true}]}}